{"id":11457106,"date":"2024-02-29T18:05:46","date_gmt":"2024-02-29T18:05:46","guid":{"rendered":"https:\/\/relocationibiza.com\/inmueble\/venta\/villas\/illes-balears\/santa-eulalia-del-rio\/ma-2394\/"},"modified":"2024-02-29T18:05:46","modified_gmt":"2024-02-29T18:05:46","slug":"villa-coral-9-ma-2394","status":"publish","type":"property","link":"https:\/\/www.relocationibiza.com\/nl\/inmueble\/venta\/villas\/illes-balears\/santa-eulalia-del-rio\/ma-2394\/","title":{"rendered":"VILLA CORAL 9 &#8211; ma-2394"},"content":{"rendered":"<p>Villa de plain-pied de quatre chambres avec vue d\u00e9gag\u00e9e et intimit\u00e9 consid\u00e9rable. Luxe sur un \u00e9tage avec une s\u00e9paration claire entre l&#8217;espace loisirs et l&#8217;espace chambre. Le salon, la cuisine ouverte et les espaces ext\u00e9rieurs sont parfaits pour les rassemblements. Grand sous-sol et garage pouvant accueillir jusqu&#8217;\u00e0 quatre voitures.<\/p>\n<p>L&#8217;\u00e9nergie distinctive et la beaut\u00e9 naturelle d&#8217;Ibiza sont ind\u00e9niables. Cette nouvelle construction accueille cette authenticit\u00e9 au sein d&#8217;une magnifique propri\u00e9t\u00e9 priv\u00e9e exclusive et raffin\u00e9e, imbattable \u00e0 Ibiza<\/p>\n<p>Ce projet est unique pour sa proximit\u00e9 avec la ville d&#8217;Ibiza et ses ports de plaisance, tout en offrant un isolement calme et une intimit\u00e9 dans l&#8217;un des quartiers les plus impressionnants et les plus recherch\u00e9s de l&#8217;\u00eele.<\/p>\n<p>Ce d\u00e9veloppement est non seulement exclusif car il borde et surplombe le parcours de golf Roca Llisa, mais dispose \u00e9galement d&#8217;un acc\u00e8s contr\u00f4l\u00e9 et d&#8217;une s\u00e9curit\u00e9 exceptionnelle, et fournit tous les services haut de gamme d&#8217;une communaut\u00e9 ferm\u00e9e haut de gamme.<\/p>\n<p>Dans tout Ibiza, vous ne trouverez pas un style plus authentique, un d\u00e9veloppement exceptionnellement con\u00e7u et prestigieux qui respecte et int\u00e8gre son environnement naturel et ses environs et offre des vues enchanteresses.<\/p>\n<p>Pour plus d&#8217;informations ou une visite, n&#8217;h\u00e9sitez pas \u00e0 nous contacter.<\/p>\n<p>INVESTIR \u00c0 IBIZA<br \/>En savoir plus sur http:\/\/www.relocationibiza.com<\/p>\n","protected":false},"excerpt":{"rendered":"<p>Villa de plain-pied de quatre chambres avec vue d\u00e9gag\u00e9e et intimit\u00e9 consid\u00e9rable. Luxe sur un \u00e9tage avec une s\u00e9paration claire entre l&#8217;espace loisirs et l&#8217;espace chambre. Le salon, la cuisine ouverte et les espaces ext\u00e9rieurs sont parfaits pour les rassemblements. Grand sous-sol et garage pouvant accueillir jusqu&#8217;\u00e0 quatre voitures.<\/p>\n","protected":false},"author":4,"featured_media":11457107,"parent":0,"menu_order":0,"template":"","property_type":[211],"property_status":[215],"property_feature":[1223,231,250,296,267,242,253,219,279,227,273,292,223],"property_label":[],"property_country":[],"property_state":[163],"property_city":[164],"property_area":[501],"class_list":["post-11457106","property","type-property","status-publish","has-post-thumbnail","hentry","property_type-landhuis","property_status-verkoop","property_feature--electrische-aparaten-","property_feature-air-conditioning","property_feature-barbecue","property_feature-gepantserde-deur","property_feature-inbraak-alarm","property_feature-met-uitzicht","property_feature-open-haard","property_feature-terras","property_feature-veranda","property_feature-verwarming","property_feature-was-ruimte","property_feature-woon-complex","property_feature-zwembad","property_state-illes-balears","property_city-santa-eulalia-del-rio","property_area-roca-llisa"],"property_meta":{"fave_superficie-min":["40","60","80","100","120","140","160","180","200","250","300","350","400","450","500","600","700"],"fave_superficie-max":["800","900"],"fave_agent":["18087"],"fave_agents":["18087"],"fave_agent_display_option":["agent_info"],"property_agent":["18087"],"custom_permalink":["inmueble\/venta\/villas\/illes-balears\/santa-eulalia-del-rio\/ma-2394\/"],"_thumbnail_id":["11457107"],"post_id":["Array"],"original_author":["4"],"_edit_lock":["1604137107:1"],"_edit_last":["1"],"fave_property_map_street_view":["show"],"fave_payment_status":["not_paid"],"fave_single_top_area":["global"],"fave_single_content_area":["global"],"houzez_manual_expire":["0"],"fave_property_size_prefix":["m&sup2;"],"fave_property_map":["1"],"fave_additional_features_enable":["disable"],"fave_floor_plans_enable":["disable"],"fave_multiunit_plans_enable":["disable"],"fave_prop_homeslider":["no"],"fave_featured":["0"],"fave_property_address":["Santa Eulalia del R\u00edo,Illes Balears"],"fave_property_zip":["07819"],"houzez_geolocation_lat":["38.9427541341"],"houzez_geolocation_long":["1.4909307137"],"fave_property_location":["38.9427541341,1.4909307137"],"fave_property_country":["ES"],"fave_property_map_address":["Santa Eulalia del R\u00edo,Illes Balears,Spain"],"fave_comunidadimporte":["0"],"fave_comunidadincluida":["0"],"referencia":["ma-2394"],"fave_property_id":["ma-2394"],"fave_property_bedrooms":["4"],"fave_property_bathrooms":["4"],"fave_property_garage":["1"],"fave_property_land":["1561"],"ave_property_land_postfix":["m&sup2;"],"fave_property_size":["768"],"fave_property_year":["2021"],"fave_energy_global_index":["0 kWh\/m&sup2; \/0 Kg CO2\/m&sup2;"],"fave_energy_class":["N"],"estate_attr_energy_class":["Tramitando..."],"REAL_HOMES_property_emisiones":["0"],"REAL_HOMES_property_consumo":["0"],"REAL_HOMES_property_letra":["N"],"estate_video":[""],"fave_video_url":["https:\/\/www.youtube.com\/watch?v=W-bzq3ztrmk"],"fave_video_image":["https:\/\/fotos15.apinmo.com\/9587\/21165948\/45-1.jpg"],"fave_virtual_tour":[""],"vendidoInmueble":[""],"fave_property_price":["4900000"],"fave_property_price_postfix":[""],"fave_property_images":["11457107","11457108","11457109","11457110","11457111","11457112","11457113","11457114","11457115","11457116","11457117","11457118","11457119","11457120","11457121","11457122","11457123","11457124","11457125","11457126","11457127","11457128","11457129","11457130","11457131","11457132","11457133","11457134","11457135","11457136","11457137","11457138","11457139","11457140","11457141","11457142","11457143","11457144","11457145","11457146","11457147","11457148","11457149","11457150","11457151","11457152","11457153","11457154","11457155","11457156","11457157"],"houzez_total_property_views":["1"],"houzez_views_by_date":["a:1:{s:10:\"04-29-2026\";i:1;}"],"houzez_recently_viewed":["2026-04-29 04:27:38"],"ekit_post_views_count":["1"]},"_links":{"self":[{"href":"https:\/\/www.relocationibiza.com\/nl\/wp-json\/wp\/v2\/properties\/11457106","targetHints":{"allow":["GET"]}}],"collection":[{"href":"https:\/\/www.relocationibiza.com\/nl\/wp-json\/wp\/v2\/properties"}],"about":[{"href":"https:\/\/www.relocationibiza.com\/nl\/wp-json\/wp\/v2\/types\/property"}],"author":[{"embeddable":true,"href":"https:\/\/www.relocationibiza.com\/nl\/wp-json\/wp\/v2\/users\/4"}],"version-history":[{"count":0,"href":"https:\/\/www.relocationibiza.com\/nl\/wp-json\/wp\/v2\/properties\/11457106\/revisions"}],"wp:featuredmedia":[{"embeddable":true,"href":"https:\/\/www.relocationibiza.com\/nl\/wp-json\/wp\/v2\/media\/11457107"}],"wp:attachment":[{"href":"https:\/\/www.relocationibiza.com\/nl\/wp-json\/wp\/v2\/media?parent=11457106"}],"wp:term":[{"taxonomy":"property_type","embeddable":true,"href":"https:\/\/www.relocationibiza.com\/nl\/wp-json\/wp\/v2\/property_type?post=11457106"},{"taxonomy":"property_status","embeddable":true,"href":"https:\/\/www.relocationibiza.com\/nl\/wp-json\/wp\/v2\/property_status?post=11457106"},{"taxonomy":"property_feature","embeddable":true,"href":"https:\/\/www.relocationibiza.com\/nl\/wp-json\/wp\/v2\/property_feature?post=11457106"},{"taxonomy":"property_label","embeddable":true,"href":"https:\/\/www.relocationibiza.com\/nl\/wp-json\/wp\/v2\/property_label?post=11457106"},{"taxonomy":"property_country","embeddable":true,"href":"https:\/\/www.relocationibiza.com\/nl\/wp-json\/wp\/v2\/property_country?post=11457106"},{"taxonomy":"property_state","embeddable":true,"href":"https:\/\/www.relocationibiza.com\/nl\/wp-json\/wp\/v2\/property_state?post=11457106"},{"taxonomy":"property_city","embeddable":true,"href":"https:\/\/www.relocationibiza.com\/nl\/wp-json\/wp\/v2\/property_city?post=11457106"},{"taxonomy":"property_area","embeddable":true,"href":"https:\/\/www.relocationibiza.com\/nl\/wp-json\/wp\/v2\/property_area?post=11457106"}],"curies":[{"name":"wp","href":"https:\/\/api.w.org\/{rel}","templated":true}]}}